{"id":2041,"date":"2025-01-17T11:44:56","date_gmt":"2025-01-17T11:44:56","guid":{"rendered":"https:\/\/engilevel.com\/projeto\/batiments-du-21e-siecle-13-et-14\/"},"modified":"2025-02-05T23:42:43","modified_gmt":"2025-02-05T23:42:43","slug":"batiments-du-21e-siecle-13-et-14","status":"publish","type":"projeto","link":"https:\/\/engilevel.com\/fr\/projeto\/batiments-du-21e-siecle-13-et-14\/","title":{"rendered":"B\u00e2timents du 21e si\u00e8cle 13 et 14"},"content":{"rendered":"\t\t<div data-elementor-type=\"wp-post\" data-elementor-id=\"2041\" class=\"elementor elementor-2041 elementor-1007\" data-elementor-post-type=\"projeto\">\n\t\t\t\t<div class=\"elementor-element elementor-element-40c792d e-flex e-con-boxed e-con e-parent\" data-id=\"40c792d\" data-element_type=\"container\" data-e-type=\"container\">\n\t\t\t\t\t<div class=\"e-con-inner\">\n\t\t<div class=\"elementor-element elementor-element-ef13637 e-con-full e-flex elementor-invisible e-con e-child\" data-id=\"ef13637\" data-element_type=\"container\" data-e-type=\"container\" data-settings=\"{&quot;background_background&quot;:&quot;classic&quot;,&quot;animation&quot;:&quot;fadeIn&quot;}\">\n\t\t\t\t<div class=\"elementor-element elementor-element-8a51a64 elementor-widget__width-initial elementor-invisible elementor-widget elementor-widget-heading\" data-id=\"8a51a64\" data-element_type=\"widget\" data-e-type=\"widget\" data-settings=\"{&quot;_animation&quot;:&quot;slideInLeft&quot;}\" data-widget_type=\"heading.default\">\n\t\t\t\t<div class=\"elementor-widget-container\">\n\t\t\t\t\t<h2 class=\"elementor-heading-title elementor-size-default\">B\u00e2timent du 21e si\u00e8cle 13 et 14<\/h2>\t\t\t\t<\/div>\n\t\t\t\t<\/div>\n\t\t\t\t<\/div>\n\t\t\t\t\t<\/div>\n\t\t\t\t<\/div>\n\t\t<div class=\"elementor-element elementor-element-57fe646 e-flex e-con-boxed e-con e-parent\" data-id=\"57fe646\" data-element_type=\"container\" data-e-type=\"container\">\n\t\t\t\t\t<div class=\"e-con-inner\">\n\t\t<div class=\"elementor-element elementor-element-db2bb0a e-con-full e-flex e-con e-child\" data-id=\"db2bb0a\" data-element_type=\"container\" data-e-type=\"container\">\n\t\t<div class=\"elementor-element elementor-element-69c4063 e-con-full e-flex e-con e-child\" data-id=\"69c4063\" data-element_type=\"container\" data-e-type=\"container\">\n\t\t\t\t<div class=\"elementor-element elementor-element-769ac18 elementor-widget__width-initial elementor-widget elementor-widget-text-editor\" data-id=\"769ac18\" data-element_type=\"widget\" data-e-type=\"widget\" data-widget_type=\"text-editor.default\">\n\t\t\t\t<div class=\"elementor-widget-container\">\n\t\t\t\t\t\t\t\t\t<div class=\"flex-1 overflow-hidden @container\/thread\">\n<div class=\"h-full\">\n<div class=\"react-scroll-to-bottom--css-yieyx-79elbk h-full\">\n<div class=\"react-scroll-to-bottom--css-yieyx-1n7m0yu\">\n<div class=\"flex flex-col text-sm md:pb-9\">\n<article class=\"w-full scroll-mb-[var(--thread-trailing-height,150px)] text-token-text-primary focus-visible:outline-2 focus-visible:outline-offset-[-4px]\" dir=\"auto\" data-testid=\"conversation-turn-15\" data-scroll-anchor=\"true\">\n<div class=\"m-auto text-base py-[18px] px-3 md:px-4 w-full md:px-5 lg:px-4 xl:px-5\">\n<div class=\"mx-auto flex flex-1 gap-4 text-base md:gap-5 lg:gap-6 md:max-w-3xl\">\n<div class=\"group\/conversation-turn relative flex w-full min-w-0 flex-col agent-turn\">\n<div class=\"flex-col gap-1 md:gap-3\">\n<div class=\"flex max-w-full flex-col flex-grow\">\n<div class=\"min-h-8 text-message flex w-full flex-col items-end gap-2 whitespace-normal break-words text-start [.text-message+&amp;]:mt-5\" dir=\"auto\" data-message-author-role=\"assistant\" data-message-id=\"091a54ab-668d-49fc-acac-1c0170732e7b\" data-message-model-slug=\"gpt-4o-mini\">\n<div class=\"flex w-full flex-col gap-1 empty:hidden first:pt-[3px]\">\n<div class=\"markdown prose w-full break-words dark:prose-invert light\">\n<p>Les b\u00e2timents S\u00e9culo XXI 13 et 14 red\u00e9finissent le concept de logement moderne, s&rsquo;int\u00e9grant harmonieusement dans une communaut\u00e9 ferm\u00e9e qui allie confort, s\u00e9curit\u00e9 et emplacement privil\u00e9gi\u00e9.<\/p>\n<p>Situ\u00e9s \u00e0 proximit\u00e9 du centre de Funchal, ces b\u00e2timents offrent un acc\u00e8s facile au complexe aquatique du Lido, au stade Mar\u00edtimo et \u00e0 l&#8217;embl\u00e9matique Quinta Magn\u00f3lia, ce qui est pratique sans sacrifier la tranquillit\u00e9.<\/p>\n<p>Dot\u00e9s de 1, 2 et 3 chambres \u00e0 coucher, les appartements se distinguent par leur structure robuste avec une fa\u00e7ade ventil\u00e9e et de grands balcons, qui les inondent de lumi\u00e8re naturelle et offrent des vues \u00e0 couper le souffle sur la ville de Funchal. Les appartements du rez-de-chauss\u00e9e, dot\u00e9s de patios priv\u00e9s, offrent encore plus d&rsquo;exclusivit\u00e9 et de connexion avec la nature. <\/p>\n<p>Ce projet privil\u00e9gie le bien-\u00eatre de ses r\u00e9sidents, avec notamment une piscine, une salle de sport ext\u00e9rieure et une aire de jeux pour les enfants, le tout entour\u00e9 de grands espaces verts. Chaque d\u00e9tail a \u00e9t\u00e9 pens\u00e9 pour cr\u00e9er une exp\u00e9rience de vie qui allie design contemporain, confort et relation unique avec la nature environnante. <\/p>\n<\/div>\n<\/div>\n<\/div>\n<\/div>\n<\/div>\n<\/div>\n<\/div>\n<\/div>\n<\/article>\n<\/div>\n<\/div>\n<\/div>\n<\/div>\n<\/div>\n\t\t\t\t\t\t\t\t<\/div>\n\t\t\t\t<\/div>\n\t\t\t\t<\/div>\n\t\t<div class=\"elementor-element elementor-element-5d1b968 e-con-full e-flex e-con e-child\" data-id=\"5d1b968\" data-element_type=\"container\" data-e-type=\"container\">\n\t\t\t\t<div class=\"elementor-element elementor-element-2050761 elementor-invisible elementor-widget elementor-widget-heading\" data-id=\"2050761\" data-element_type=\"widget\" data-e-type=\"widget\" data-settings=\"{&quot;_animation&quot;:&quot;fadeIn&quot;}\" data-widget_type=\"heading.default\">\n\t\t\t\t<div class=\"elementor-widget-container\">\n\t\t\t\t\t<h2 class=\"elementor-heading-title elementor-size-default\">Confort et commodit\u00e9.<\/h2>\t\t\t\t<\/div>\n\t\t\t\t<\/div>\n\t\t\t\t<\/div>\n\t\t\t\t<\/div>\n\t\t\t\t\t<\/div>\n\t\t\t\t<\/div>\n\t\t<div class=\"elementor-element elementor-element-6448222 e-flex e-con-boxed e-con e-parent\" data-id=\"6448222\" data-element_type=\"container\" data-e-type=\"container\">\n\t\t\t\t\t<div class=\"e-con-inner\">\n\t\t<div class=\"elementor-element elementor-element-279fdff e-con-full e-flex e-con e-child\" data-id=\"279fdff\" data-element_type=\"container\" data-e-type=\"container\">\n\t\t<div class=\"elementor-element elementor-element-b84faa2 e-con-full e-flex e-con e-child\" data-id=\"b84faa2\" data-element_type=\"container\" data-e-type=\"container\">\n\t\t\t\t<div class=\"elementor-element elementor-element-25c9a42 elementor-invisible elementor-widget elementor-widget-image-carousel\" data-id=\"25c9a42\" data-element_type=\"widget\" data-e-type=\"widget\" data-settings=\"{&quot;slides_to_show&quot;:&quot;3&quot;,&quot;slides_to_scroll&quot;:&quot;1&quot;,&quot;navigation&quot;:&quot;none&quot;,&quot;_animation&quot;:&quot;fadeInDown&quot;,&quot;autoplay&quot;:&quot;yes&quot;,&quot;pause_on_hover&quot;:&quot;yes&quot;,&quot;pause_on_interaction&quot;:&quot;yes&quot;,&quot;autoplay_speed&quot;:5000,&quot;infinite&quot;:&quot;yes&quot;,&quot;speed&quot;:500,&quot;image_spacing_custom&quot;:{&quot;unit&quot;:&quot;px&quot;,&quot;size&quot;:20,&quot;sizes&quot;:[]},&quot;image_spacing_custom_tablet&quot;:{&quot;unit&quot;:&quot;px&quot;,&quot;size&quot;:&quot;&quot;,&quot;sizes&quot;:[]},&quot;image_spacing_custom_mobile&quot;:{&quot;unit&quot;:&quot;px&quot;,&quot;size&quot;:&quot;&quot;,&quot;sizes&quot;:[]}}\" data-widget_type=\"image-carousel.default\">\n\t\t\t\t<div class=\"elementor-widget-container\">\n\t\t\t\t\t\t\t<div class=\"elementor-image-carousel-wrapper swiper\" role=\"region\" aria-roledescription=\"carousel\" aria-label=\"Image Carousel\" dir=\"ltr\">\n\t\t\t<div class=\"elementor-image-carousel swiper-wrapper\" aria-live=\"off\">\n\t\t\t\t\t\t\t\t<div class=\"swiper-slide\" role=\"group\" aria-roledescription=\"slide\" aria-label=\"1 sur 17\"><figure class=\"swiper-slide-inner\"><img decoding=\"async\" class=\"swiper-slide-image\" src=\"https:\/\/engilevel.com\/wp-content\/uploads\/elementor\/thumbs\/16_edificio-seculo-xxi-13e14-engilevel-rj8rub0xvtl3zhnc9ni20mtqkhbfvs5ml7pm7uirhc.webp\" alt=\"Edif\u00edcio S\u00e9culo XXI -13 e 14, Engilevel, Estruturas Met\u00e1licas e Fachadas Ventiladas, Vila Verde, Braga\" \/><\/figure><\/div><div class=\"swiper-slide\" role=\"group\" aria-roledescription=\"slide\" aria-label=\"2 sur 17\"><figure class=\"swiper-slide-inner\"><img decoding=\"async\" class=\"swiper-slide-image\" src=\"https:\/\/engilevel.com\/wp-content\/uploads\/elementor\/thumbs\/07_edificio-seculo-xxi-13e14-engilevel-scaled-rj8rvqq2bpjvq1k8vrujbrs38o8mn4uv4blbm2e3z4.webp\" alt=\"masmyb-7pizNe-wudxus\" \/><\/figure><\/div><div class=\"swiper-slide\" role=\"group\" aria-roledescription=\"slide\" aria-label=\"3 sur 17\"><figure class=\"swiper-slide-inner\"><img decoding=\"async\" class=\"swiper-slide-image\" src=\"https:\/\/engilevel.com\/wp-content\/uploads\/elementor\/thumbs\/13_edificio-seculo-xxi-13e14-engilevel-rj8ruo6oji34i1484t6tzji6vvikvjlvb0uexpz928.webp\" alt=\"Edif\u00edcio S\u00e9culo XXI -13 e 14, Engilevel, Estruturas Met\u00e1licas e Fachadas Ventiladas, Vila Verde, Braga\" \/><\/figure><\/div><div class=\"swiper-slide\" role=\"group\" aria-roledescription=\"slide\" aria-label=\"4 sur 17\"><figure class=\"swiper-slide-inner\"><img decoding=\"async\" class=\"swiper-slide-image\" src=\"https:\/\/engilevel.com\/wp-content\/uploads\/elementor\/thumbs\/15_edificio-seculo-xxi-13e14-engilevel-rj8ruesan5q99xhvnp4kalvky0swqkkjxqbk4yd6sg.webp\" alt=\"Edif\u00edcio S\u00e9culo XXI -13 e 14, Engilevel, Estruturas Met\u00e1licas e Fachadas Ventiladas, Vila Verde, Braga\" \/><\/figure><\/div><div class=\"swiper-slide\" role=\"group\" aria-roledescription=\"slide\" aria-label=\"5 sur 17\"><figure class=\"swiper-slide-inner\"><img decoding=\"async\" class=\"swiper-slide-image\" src=\"https:\/\/engilevel.com\/wp-content\/uploads\/elementor\/thumbs\/14_edificio-seculo-xxi-13e14-engilevel-rj8rujhhlbwovzb1w95p52ovwy5qt237mdkzjc67xc.webp\" alt=\"Edif\u00edcio S\u00e9culo XXI -13 e 14, Engilevel, Estruturas Met\u00e1licas e Fachadas Ventiladas, Vila Verde, Braga\" \/><\/figure><\/div><div class=\"swiper-slide\" role=\"group\" aria-roledescription=\"slide\" aria-label=\"6 sur 17\"><figure class=\"swiper-slide-inner\"><img decoding=\"async\" class=\"swiper-slide-image\" src=\"https:\/\/engilevel.com\/wp-content\/uploads\/elementor\/thumbs\/12_edificio-seculo-xxi-13e14-engilevel-rj8rury1au89sgyriutc9ik19f01qc0snjgcuttodc.webp\" alt=\"Edif\u00edcio S\u00e9culo XXI -13 e 14, Engilevel, Estruturas Met\u00e1licas e Fachadas Ventiladas, Vila Verde, Braga\" \/><\/figure><\/div><div class=\"swiper-slide\" role=\"group\" aria-roledescription=\"slide\" aria-label=\"7 sur 17\"><figure class=\"swiper-slide-inner\"><img decoding=\"async\" class=\"swiper-slide-image\" src=\"https:\/\/engilevel.com\/wp-content\/uploads\/elementor\/thumbs\/17_edificio-seculo-xxi-13e14-engilevel-rj8ru5dwqtde1tvj6l2alo8z0638llj8kfspc6r4io.webp\" alt=\"Edif\u00edcio S\u00e9culo XXI -13 e 14, Engilevel, Estruturas Met\u00e1licas e Fachadas Ventiladas, Vila Verde, Braga\" \/><\/figure><\/div><div class=\"swiper-slide\" role=\"group\" aria-roledescription=\"slide\" aria-label=\"8 sur 17\"><figure class=\"swiper-slide-inner\"><img decoding=\"async\" class=\"swiper-slide-image\" src=\"https:\/\/engilevel.com\/wp-content\/uploads\/elementor\/thumbs\/11_edificio-seculo-xxi-13e14-engilevel-rj8ruxl2fufzq4qklx93oh4stq890in6obd9qhlbc0.webp\" alt=\"Edif\u00edcio S\u00e9culo XXI -13 e 14, Engilevel, Estruturas Met\u00e1licas e Fachadas Ventiladas, Vila Verde, Braga\" \/><\/figure><\/div><div class=\"swiper-slide\" role=\"group\" aria-roledescription=\"slide\" aria-label=\"9 sur 17\"><figure class=\"swiper-slide-inner\"><img decoding=\"async\" class=\"swiper-slide-image\" src=\"https:\/\/engilevel.com\/wp-content\/uploads\/elementor\/thumbs\/10_edificio-seculo-xxi-13e14-engilevel-rj8rv2a9e0mfc6jquha8ixy3snl3305ucymp4vecgw.webp\" alt=\"Edif\u00edcio S\u00e9culo XXI -13 e 14, Engilevel, Estruturas Met\u00e1licas e Fachadas Ventiladas, Vila Verde, Braga\" \/><\/figure><\/div><div class=\"swiper-slide\" role=\"group\" aria-roledescription=\"slide\" aria-label=\"10 sur 17\"><figure class=\"swiper-slide-inner\"><img decoding=\"async\" class=\"swiper-slide-image\" src=\"https:\/\/engilevel.com\/wp-content\/uploads\/elementor\/thumbs\/09_edificio-seculo-xxi-13e14-engilevel-scaled-rj8rv9sywowpx28tmkj92w1sjqk0skzp1zukz33734.webp\" alt=\"Edif\u00edcio S\u00e9culo XXI -13 e 14, Engilevel, Estruturas Met\u00e1licas e Fachadas Ventiladas, Vila Verde, Braga\" \/><\/figure><\/div><div class=\"swiper-slide\" role=\"group\" aria-roledescription=\"slide\" aria-label=\"11 sur 17\"><figure class=\"swiper-slide-inner\"><img decoding=\"async\" class=\"swiper-slide-image\" src=\"https:\/\/engilevel.com\/wp-content\/uploads\/elementor\/thumbs\/08_edificio-seculo-xxi-13e14-engilevel-scaled-rj8rvi9im78atjwj966w7bwxw7ebpuxa35pyakqnj4.webp\" alt=\"Edif\u00edcio S\u00e9culo XXI -13 e 14, Engilevel, Estruturas Met\u00e1licas e Fachadas Ventiladas, Vila Verde, Braga\" \/><\/figure><\/div><div class=\"swiper-slide\" role=\"group\" aria-roledescription=\"slide\" aria-label=\"12 sur 17\"><figure class=\"swiper-slide-inner\"><img decoding=\"async\" class=\"swiper-slide-image\" src=\"https:\/\/engilevel.com\/wp-content\/uploads\/elementor\/thumbs\/03_edificio-seculo-xxi-13e14-engilevel-r04zkfrn51fnx8458mfqj7r99nxvcoke9zmicjid28.webp\" alt=\"Edif\u00edcio S\u00e9culo XXI -13 e 14, Engilevel, Estruturas Met\u00e1licas e Fachadas Ventiladas, Vila Verde, Braga\" \/><\/figure><\/div><div class=\"swiper-slide\" role=\"group\" aria-roledescription=\"slide\" aria-label=\"13 sur 17\"><figure class=\"swiper-slide-inner\"><img decoding=\"async\" class=\"swiper-slide-image\" src=\"https:\/\/engilevel.com\/wp-content\/uploads\/elementor\/thumbs\/04_edificio-seculo-xxi-13e14-engilevel-scaled-r04zkmcigvoo6hul67a4io3hfd1fukaimw6wph8luo.webp\" alt=\"Edif\u00edcio S\u00e9culo XXI -13 e 14, Engilevel, Estruturas Met\u00e1licas e Fachadas Ventiladas, Vila Verde, Braga\" \/><\/figure><\/div><div class=\"swiper-slide\" role=\"group\" aria-roledescription=\"slide\" aria-label=\"14 sur 17\"><figure class=\"swiper-slide-inner\"><img decoding=\"async\" class=\"swiper-slide-image\" src=\"https:\/\/engilevel.com\/wp-content\/uploads\/elementor\/thumbs\/05_edificio-seculo-xxi-13e14-engilevel-r04zkq3v87ttgxp4k8wmsn5bswiwpcpfzesuml315s.webp\" alt=\"Edif\u00edcio S\u00e9culo XXI -13 e 14, Engilevel, Estruturas Met\u00e1licas e Fachadas Ventiladas, Vila Verde, Braga\" \/><\/figure><\/div><div class=\"swiper-slide\" role=\"group\" aria-roledescription=\"slide\" aria-label=\"15 sur 17\"><figure class=\"swiper-slide-inner\"><img decoding=\"async\" class=\"swiper-slide-image\" src=\"https:\/\/engilevel.com\/wp-content\/uploads\/elementor\/thumbs\/06_edificio-seculo-xxi-13e14-engilevel-scaled-rj8rvuhf31p10hes9th1lqtxm7q3hx9sgu79j68ja8.webp\" alt=\"Edif\u00edcio S\u00e9culo XXI -13 e 14, Engilevel, Estruturas Met\u00e1licas e Fachadas Ventiladas, Vila Verde, Braga\" \/><\/figure><\/div><div class=\"swiper-slide\" role=\"group\" aria-roledescription=\"slide\" aria-label=\"16 sur 17\"><figure class=\"swiper-slide-inner\"><img decoding=\"async\" class=\"swiper-slide-image\" src=\"https:\/\/engilevel.com\/wp-content\/uploads\/elementor\/thumbs\/02_edificio-seculo-xxi-13e14-engilevel-scaled-r04zkdvyrdd3a06vjlmhe88c2w74xacxlqbjdzl5eo.webp\" alt=\"Edif\u00edcio S\u00e9culo XXI -13 e 14, Engilevel, Estruturas Met\u00e1licas e Fachadas Ventiladas, Vila Verde, Braga\" \/><\/figure><\/div><div class=\"swiper-slide\" role=\"group\" aria-roledescription=\"slide\" aria-label=\"17 sur 17\"><figure class=\"swiper-slide-inner\"><img decoding=\"async\" class=\"swiper-slide-image\" src=\"https:\/\/engilevel.com\/wp-content\/uploads\/elementor\/thumbs\/01_edificio-seculo-xxi-13e14-engilevel-scaled-r04zk96rt76nnydpb1lcjrf13yuausu9x323zls49s.webp\" alt=\"Edif\u00edcio S\u00e9culo XXI -13 e 14, Engilevel, Estruturas Met\u00e1licas e Fachadas Ventiladas, Vila Verde, Braga\" \/><\/figure><\/div>\t\t\t<\/div>\n\t\t\t\t\t\t\t\n\t\t\t\t\t\t\t\t\t<\/div>\n\t\t\t\t\t\t<\/div>\n\t\t\t\t<\/div>\n\t\t\t\t<\/div>\n\t\t\t\t<\/div>\n\t\t\t\t\t<\/div>\n\t\t\t\t<\/div>\n\t\t<div class=\"elementor-element elementor-element-5b3b540 e-flex e-con-boxed e-con e-parent\" data-id=\"5b3b540\" data-element_type=\"container\" data-e-type=\"container\">\n\t\t\t\t\t<div class=\"e-con-inner\">\n\t\t<div class=\"elementor-element elementor-element-fd78734 e-con-full e-flex e-con e-child\" data-id=\"fd78734\" data-element_type=\"container\" data-e-type=\"container\">\n\t\t<div class=\"elementor-element elementor-element-a4a2500 e-con-full e-flex e-con e-child\" data-id=\"a4a2500\" data-element_type=\"container\" data-e-type=\"container\">\n\t\t\t\t<div class=\"elementor-element elementor-element-6042b47 elementor-widget__width-initial elementor-invisible elementor-widget elementor-widget-heading\" data-id=\"6042b47\" data-element_type=\"widget\" data-e-type=\"widget\" data-settings=\"{&quot;_animation&quot;:&quot;slideInLeft&quot;}\" data-widget_type=\"heading.default\">\n\t\t\t\t<div class=\"elementor-widget-container\">\n\t\t\t\t\t<h3 class=\"elementor-heading-title elementor-size-default\">D\u00e9couvrez notre portefeuille<\/h3>\t\t\t\t<\/div>\n\t\t\t\t<\/div>\n\t\t\t\t<div class=\"elementor-element elementor-element-8c3f489 elementor-invisible elementor-widget elementor-widget-image\" data-id=\"8c3f489\" data-element_type=\"widget\" data-e-type=\"widget\" data-settings=\"{&quot;_animation&quot;:&quot;fadeIn&quot;}\" data-widget_type=\"image.default\">\n\t\t\t\t<div class=\"elementor-widget-container\">\n\t\t\t\t\t\t\t\t\t\t\t\t\t\t\t<img decoding=\"async\" width=\"107\" height=\"102\" src=\"https:\/\/engilevel.com\/wp-content\/uploads\/2024\/10\/6.png\" class=\"attachment-large size-large wp-image-1361\" alt=\"Engilevel, Estruturas Met\u00e1licas e Fachadas Ventiladas, Vila Verde, Braga\" \/>\t\t\t\t\t\t\t\t\t\t\t\t\t\t\t<\/div>\n\t\t\t\t<\/div>\n\t\t\t\t<\/div>\n\t\t\t\t<\/div>\n\t\t<div class=\"elementor-element elementor-element-4fd5294 e-con-full e-flex e-con e-child\" data-id=\"4fd5294\" data-element_type=\"container\" data-e-type=\"container\">\n\t\t\t\t<div class=\"elementor-element elementor-element-d766c42 upk-navigation-type-arrows upk-carousel-style-carousel elementor-widget elementor-widget-upk-alice-carousel\" data-id=\"d766c42\" data-element_type=\"widget\" data-e-type=\"widget\" data-widget_type=\"upk-alice-carousel.default\">\n\t\t\t\t<div class=\"elementor-widget-container\">\n\t\t\t\t\t\t\t<div id=\"upk-alice-carousel-d766c42\" class=\"upk-alice-carousel upk-arrows-align-center\" data-settings=\"{&quot;autoplay&quot;:{&quot;delay&quot;:5000},&quot;loop&quot;:true,&quot;speed&quot;:500,&quot;slidesPerView&quot;:1,&quot;slidesPerGroup&quot;:1,&quot;effect&quot;:&quot;carousel&quot;,&quot;direction&quot;:&quot;horizontal&quot;,&quot;watchSlidesVisibility&quot;:true,&quot;watchSlidesProgress&quot;:true,&quot;breakpoints&quot;:{&quot;767&quot;:{&quot;slidesPerView&quot;:2,&quot;spaceBetween&quot;:0,&quot;slidesPerGroup&quot;:1},&quot;1023&quot;:{&quot;slidesPerView&quot;:3,&quot;spaceBetween&quot;:20,&quot;slidesPerGroup&quot;:1}},&quot;navigation&quot;:{&quot;nextEl&quot;:&quot;#upk-alice-carousel-d766c42 .upk-navigation-next&quot;,&quot;prevEl&quot;:&quot;#upk-alice-carousel-d766c42 .upk-navigation-prev&quot;},&quot;pagination&quot;:{&quot;el&quot;:&quot;#upk-alice-carousel-d766c42 .swiper-pagination&quot;,&quot;type&quot;:&quot;&quot;,&quot;clickable&quot;:&quot;true&quot;,&quot;dynamicBullets&quot;:false},&quot;scrollbar&quot;:{&quot;el&quot;:&quot;#upk-alice-carousel-d766c42 .swiper-scrollbar&quot;,&quot;hide&quot;:&quot;true&quot;},&quot;coverflowEffect&quot;:{&quot;rotate&quot;:50,&quot;stretch&quot;:0,&quot;depth&quot;:100,&quot;modifier&quot;:1,&quot;slideShadows&quot;:true}}\">\n\t\t\t<div class=\"upk-content-bottom-center\">\n\t\t\t\t<div class=\"swiper-carousel swiper\">\n\t\t\t\t\t<div class=\"swiper-wrapper\">\n\t\t\t\t\t\t\t\t\t\t\t<div class=\"upk-item swiper-slide\">\n\t\t\t\t\t\t\t<div class=\"upk-item-box\">\n\t\t\t\t\t\t\t\t<div class=\"upk-img-wrap\">\n\t\t\t\t\t\t\t\t\t<img fetchpriority=\"high\" decoding=\"async\" width=\"2048\" height=\"1365\" src=\"https:\/\/engilevel.com\/wp-content\/uploads\/2025\/01\/06_edificio-seculo-xxi-12-engilevel-2048x1365.webp\" class=\"upk-img\" alt=\"B\u00e2timent du 21e si\u00e8cle 12\" srcset=\"https:\/\/engilevel.com\/wp-content\/uploads\/2025\/01\/06_edificio-seculo-xxi-12-engilevel-2048x1365.webp 2048w, https:\/\/engilevel.com\/wp-content\/uploads\/2025\/01\/06_edificio-seculo-xxi-12-engilevel-300x200.webp 300w, https:\/\/engilevel.com\/wp-content\/uploads\/2025\/01\/06_edificio-seculo-xxi-12-engilevel-1024x683.webp 1024w, https:\/\/engilevel.com\/wp-content\/uploads\/2025\/01\/06_edificio-seculo-xxi-12-engilevel-768x512.webp 768w, https:\/\/engilevel.com\/wp-content\/uploads\/2025\/01\/06_edificio-seculo-xxi-12-engilevel-1536x1024.webp 1536w\" sizes=\"(max-width: 2048px) 100vw, 2048px\" \/>\t\t\t\t\t\t\t\t<\/div>\n\t\t\t\t\t\t\t\t\t\t\t\t\t\t\t\t<div class=\"upk-content\">\n\t\t\t\t\t\t\t\t\t<h3 class=\"upk-title\"><a href=\"https:\/\/engilevel.com\/fr\/projeto\/batiment-du-21e-siecle-12\/\" title=\"B\u00e2timent du 21e si\u00e8cle 12\" class=\"title-animation-underline\" aria-label=\"B\u00e2timent du 21e si\u00e8cle 12\">B\u00e2timent du 21e si\u00e8cle 12<\/a><\/h3>\t\t\t\t\t\t\t\t\t\t\t\t\t\t\t\t\t<\/div>\n\t\t\t\t\t\t\t<\/div>\n\t\t\t\t\t\t<\/div>\n\t\t\t\t\t\t\t\t\t\t<div class=\"upk-item swiper-slide\">\n\t\t\t\t\t\t\t<div class=\"upk-item-box\">\n\t\t\t\t\t\t\t\t<div class=\"upk-img-wrap\">\n\t\t\t\t\t\t\t\t\t<img decoding=\"async\" width=\"2048\" height=\"1365\" src=\"https:\/\/engilevel.com\/wp-content\/uploads\/2024\/12\/S10_3-2048x1365.jpg\" class=\"upk-img\" alt=\"B\u00e2timent du 21e si\u00e8cle 10\" srcset=\"https:\/\/engilevel.com\/wp-content\/uploads\/2024\/12\/S10_3-2048x1365.jpg 2048w, https:\/\/engilevel.com\/wp-content\/uploads\/2024\/12\/S10_3-300x200.jpg 300w, https:\/\/engilevel.com\/wp-content\/uploads\/2024\/12\/S10_3-1024x683.jpg 1024w, https:\/\/engilevel.com\/wp-content\/uploads\/2024\/12\/S10_3-768x512.jpg 768w, https:\/\/engilevel.com\/wp-content\/uploads\/2024\/12\/S10_3-1536x1024.jpg 1536w\" sizes=\"(max-width: 2048px) 100vw, 2048px\" \/>\t\t\t\t\t\t\t\t<\/div>\n\t\t\t\t\t\t\t\t\t\t\t\t\t\t\t\t<div class=\"upk-content\">\n\t\t\t\t\t\t\t\t\t<h3 class=\"upk-title\"><a href=\"https:\/\/engilevel.com\/fr\/projeto\/batiment-du-21e-siecle-10\/\" title=\"B\u00e2timent du 21e si\u00e8cle 10\" class=\"title-animation-underline\" aria-label=\"B\u00e2timent du 21e si\u00e8cle 10\">B\u00e2timent du 21e si\u00e8cle 10<\/a><\/h3>\t\t\t\t\t\t\t\t\t\t\t\t\t\t\t\t\t<\/div>\n\t\t\t\t\t\t\t<\/div>\n\t\t\t\t\t\t<\/div>\n\t\t\t\t\t\t\t\t\t\t<div class=\"upk-item swiper-slide\">\n\t\t\t\t\t\t\t<div class=\"upk-item-box\">\n\t\t\t\t\t\t\t\t<div class=\"upk-img-wrap\">\n\t\t\t\t\t\t\t\t\t<img loading=\"lazy\" decoding=\"async\" width=\"750\" height=\"813\" src=\"https:\/\/engilevel.com\/wp-content\/uploads\/2024\/11\/HotelAmoure.jpg\" class=\"upk-img\" alt=\"Maison Albar &#8211; Amoure\" srcset=\"https:\/\/engilevel.com\/wp-content\/uploads\/2024\/11\/HotelAmoure.jpg 750w, https:\/\/engilevel.com\/wp-content\/uploads\/2024\/11\/HotelAmoure-277x300.jpg 277w\" sizes=\"(max-width: 750px) 100vw, 750px\" \/>\t\t\t\t\t\t\t\t<\/div>\n\t\t\t\t\t\t\t\t\t\t\t\t\t\t\t\t<div class=\"upk-content\">\n\t\t\t\t\t\t\t\t\t<h3 class=\"upk-title\"><a href=\"https:\/\/engilevel.com\/fr\/projeto\/maison-albar-amoure\/\" title=\"Maison Albar &#8211; Amoure\" class=\"title-animation-underline\" aria-label=\"Maison Albar &#8211; Amoure\">Maison Albar &#8211; Amoure<\/a><\/h3>\t\t\t\t\t\t\t\t\t\t\t\t\t\t\t\t\t<\/div>\n\t\t\t\t\t\t\t<\/div>\n\t\t\t\t\t\t<\/div>\n\t\t\t\t\t\t\t\t\t\t<div class=\"upk-item swiper-slide\">\n\t\t\t\t\t\t\t<div class=\"upk-item-box\">\n\t\t\t\t\t\t\t\t<div class=\"upk-img-wrap\">\n\t\t\t\t\t\t\t\t\t<img loading=\"lazy\" decoding=\"async\" width=\"1920\" height=\"1080\" src=\"https:\/\/engilevel.com\/wp-content\/uploads\/2024\/10\/AS2_Photo-2-min.jpg\" class=\"upk-img\" alt=\"Artur Salgado\" srcset=\"https:\/\/engilevel.com\/wp-content\/uploads\/2024\/10\/AS2_Photo-2-min.jpg 1920w, https:\/\/engilevel.com\/wp-content\/uploads\/2024\/10\/AS2_Photo-2-min-300x169.jpg 300w, https:\/\/engilevel.com\/wp-content\/uploads\/2024\/10\/AS2_Photo-2-min-1024x576.jpg 1024w, https:\/\/engilevel.com\/wp-content\/uploads\/2024\/10\/AS2_Photo-2-min-768x432.jpg 768w, https:\/\/engilevel.com\/wp-content\/uploads\/2024\/10\/AS2_Photo-2-min-1536x864.jpg 1536w\" sizes=\"(max-width: 1920px) 100vw, 1920px\" \/>\t\t\t\t\t\t\t\t<\/div>\n\t\t\t\t\t\t\t\t\t\t\t\t\t\t\t\t<div class=\"upk-content\">\n\t\t\t\t\t\t\t\t\t<h3 class=\"upk-title\"><a href=\"https:\/\/engilevel.com\/fr\/projeto\/artur-salgado\/\" title=\"Artur Salgado\" class=\"title-animation-underline\" aria-label=\"Artur Salgado\">Artur Salgado<\/a><\/h3>\t\t\t\t\t\t\t\t\t\t\t\t\t\t\t\t\t<\/div>\n\t\t\t\t\t\t\t<\/div>\n\t\t\t\t\t\t<\/div>\n\t\t\t\t\t\t\t\t\t\t<div class=\"upk-item swiper-slide\">\n\t\t\t\t\t\t\t<div class=\"upk-item-box\">\n\t\t\t\t\t\t\t\t<div class=\"upk-img-wrap\">\n\t\t\t\t\t\t\t\t\t<img loading=\"lazy\" decoding=\"async\" width=\"2048\" height=\"1365\" src=\"https:\/\/engilevel.com\/wp-content\/uploads\/2025\/01\/10-belas-artes-engilevel-2048x1365.webp\" class=\"upk-img\" alt=\"Facult\u00e9 des beaux-arts, Universit\u00e9 de Porto\" srcset=\"https:\/\/engilevel.com\/wp-content\/uploads\/2025\/01\/10-belas-artes-engilevel-2048x1365.webp 2048w, https:\/\/engilevel.com\/wp-content\/uploads\/2025\/01\/10-belas-artes-engilevel-300x200.webp 300w, https:\/\/engilevel.com\/wp-content\/uploads\/2025\/01\/10-belas-artes-engilevel-1024x683.webp 1024w, https:\/\/engilevel.com\/wp-content\/uploads\/2025\/01\/10-belas-artes-engilevel-768x512.webp 768w, https:\/\/engilevel.com\/wp-content\/uploads\/2025\/01\/10-belas-artes-engilevel-1536x1024.webp 1536w\" sizes=\"(max-width: 2048px) 100vw, 2048px\" \/>\t\t\t\t\t\t\t\t<\/div>\n\t\t\t\t\t\t\t\t\t\t\t\t\t\t\t\t<div class=\"upk-content\">\n\t\t\t\t\t\t\t\t\t<h3 class=\"upk-title\"><a href=\"https:\/\/engilevel.com\/fr\/projeto\/faculte-des-beaux-arts-universite-de-porto\/\" title=\"Facult\u00e9 des beaux-arts, Universit\u00e9 de Porto\" class=\"title-animation-underline\" aria-label=\"Facult\u00e9 des beaux-arts, Universit\u00e9 de Porto\">Facult\u00e9 des beaux-arts, Universit\u00e9 de Porto<\/a><\/h3>\t\t\t\t\t\t\t\t\t\t\t\t\t\t\t\t\t<\/div>\n\t\t\t\t\t\t\t<\/div>\n\t\t\t\t\t\t<\/div>\n\t\t\t\t\t\t\t\t\t\t<div class=\"upk-item swiper-slide\">\n\t\t\t\t\t\t\t<div class=\"upk-item-box\">\n\t\t\t\t\t\t\t\t<div class=\"upk-img-wrap\">\n\t\t\t\t\t\t\t\t\t<img loading=\"lazy\" decoding=\"async\" width=\"1703\" height=\"1134\" src=\"https:\/\/engilevel.com\/wp-content\/uploads\/2024\/11\/Sousa-e-Rego_Pavilhao1.jpg\" class=\"upk-img\" alt=\"Pavillon Sousa e Rego\" srcset=\"https:\/\/engilevel.com\/wp-content\/uploads\/2024\/11\/Sousa-e-Rego_Pavilhao1.jpg 1703w, https:\/\/engilevel.com\/wp-content\/uploads\/2024\/11\/Sousa-e-Rego_Pavilhao1-300x200.jpg 300w, https:\/\/engilevel.com\/wp-content\/uploads\/2024\/11\/Sousa-e-Rego_Pavilhao1-1024x682.jpg 1024w, https:\/\/engilevel.com\/wp-content\/uploads\/2024\/11\/Sousa-e-Rego_Pavilhao1-768x511.jpg 768w, https:\/\/engilevel.com\/wp-content\/uploads\/2024\/11\/Sousa-e-Rego_Pavilhao1-1536x1023.jpg 1536w\" sizes=\"(max-width: 1703px) 100vw, 1703px\" \/>\t\t\t\t\t\t\t\t<\/div>\n\t\t\t\t\t\t\t\t\t\t\t\t\t\t\t\t<div class=\"upk-content\">\n\t\t\t\t\t\t\t\t\t<h3 class=\"upk-title\"><a href=\"https:\/\/engilevel.com\/fr\/projeto\/pavillon-sousa-e-rego\/\" title=\"Pavillon Sousa e Rego\" class=\"title-animation-underline\" aria-label=\"Pavillon Sousa e Rego\">Pavillon Sousa e Rego<\/a><\/h3>\t\t\t\t\t\t\t\t\t\t\t\t\t\t\t\t\t<\/div>\n\t\t\t\t\t\t\t<\/div>\n\t\t\t\t\t\t<\/div>\n\t\t\t\t\t\t\t\t\t\t<div class=\"upk-item swiper-slide\">\n\t\t\t\t\t\t\t<div class=\"upk-item-box\">\n\t\t\t\t\t\t\t\t<div class=\"upk-img-wrap\">\n\t\t\t\t\t\t\t\t\t<img loading=\"lazy\" decoding=\"async\" width=\"2048\" height=\"1364\" src=\"https:\/\/engilevel.com\/wp-content\/uploads\/2025\/01\/02_edificio-seculo-xxi-17-2048x1364.webp\" class=\"upk-img\" alt=\"B\u00e2timent du 21e si\u00e8cle 17\" srcset=\"https:\/\/engilevel.com\/wp-content\/uploads\/2025\/01\/02_edificio-seculo-xxi-17-2048x1364.webp 2048w, https:\/\/engilevel.com\/wp-content\/uploads\/2025\/01\/02_edificio-seculo-xxi-17-300x200.webp 300w, https:\/\/engilevel.com\/wp-content\/uploads\/2025\/01\/02_edificio-seculo-xxi-17-1024x682.webp 1024w, https:\/\/engilevel.com\/wp-content\/uploads\/2025\/01\/02_edificio-seculo-xxi-17-768x512.webp 768w, https:\/\/engilevel.com\/wp-content\/uploads\/2025\/01\/02_edificio-seculo-xxi-17-1536x1023.webp 1536w\" sizes=\"(max-width: 2048px) 100vw, 2048px\" \/>\t\t\t\t\t\t\t\t<\/div>\n\t\t\t\t\t\t\t\t\t\t\t\t\t\t\t\t<div class=\"upk-content\">\n\t\t\t\t\t\t\t\t\t<h3 class=\"upk-title\"><a href=\"https:\/\/engilevel.com\/fr\/projeto\/batiment-du-21e-siecle-17\/\" title=\"B\u00e2timent du 21e si\u00e8cle 17\" class=\"title-animation-underline\" aria-label=\"B\u00e2timent du 21e si\u00e8cle 17\">B\u00e2timent du 21e si\u00e8cle 17<\/a><\/h3>\t\t\t\t\t\t\t\t\t\t\t\t\t\t\t\t\t<\/div>\n\t\t\t\t\t\t\t<\/div>\n\t\t\t\t\t\t<\/div>\n\t\t\t\t\t\t\t\t\t\t<div class=\"upk-item swiper-slide\">\n\t\t\t\t\t\t\t<div class=\"upk-item-box\">\n\t\t\t\t\t\t\t\t<div class=\"upk-img-wrap\">\n\t\t\t\t\t\t\t\t\t<img loading=\"lazy\" decoding=\"async\" width=\"1282\" height=\"598\" src=\"https:\/\/engilevel.com\/wp-content\/uploads\/2024\/10\/Rectangle-5-1.png\" class=\"upk-img\" alt=\"Pavillons d&rsquo;H\u00e9rouville\" srcset=\"https:\/\/engilevel.com\/wp-content\/uploads\/2024\/10\/Rectangle-5-1.png 1282w, https:\/\/engilevel.com\/wp-content\/uploads\/2024\/10\/Rectangle-5-1-300x140.png 300w, https:\/\/engilevel.com\/wp-content\/uploads\/2024\/10\/Rectangle-5-1-1024x478.png 1024w, https:\/\/engilevel.com\/wp-content\/uploads\/2024\/10\/Rectangle-5-1-768x358.png 768w\" sizes=\"(max-width: 1282px) 100vw, 1282px\" \/>\t\t\t\t\t\t\t\t<\/div>\n\t\t\t\t\t\t\t\t\t\t\t\t\t\t\t\t<div class=\"upk-content\">\n\t\t\t\t\t\t\t\t\t<h3 class=\"upk-title\"><a href=\"https:\/\/engilevel.com\/fr\/projeto\/pavillons-dherouville\/\" title=\"Pavillons d&rsquo;H\u00e9rouville\" class=\"title-animation-underline\" aria-label=\"Pavillons d&rsquo;H\u00e9rouville\">Pavillons d&rsquo;H\u00e9rouville<\/a><\/h3>\t\t\t\t\t\t\t\t\t\t\t\t\t\t\t\t\t<\/div>\n\t\t\t\t\t\t\t<\/div>\n\t\t\t\t\t\t<\/div>\n\t\t\t\t\t\t\t\t\t\t<div class=\"upk-item swiper-slide\">\n\t\t\t\t\t\t\t<div class=\"upk-item-box\">\n\t\t\t\t\t\t\t\t<div class=\"upk-img-wrap\">\n\t\t\t\t\t\t\t\t\t<img loading=\"lazy\" decoding=\"async\" width=\"2048\" height=\"2048\" src=\"https:\/\/engilevel.com\/wp-content\/uploads\/2024\/11\/Vitroglass_TPX_Engilevel_Empresa-2048x2048.jpg\" class=\"upk-img\" alt=\"Pavillon Engilevel\" srcset=\"https:\/\/engilevel.com\/wp-content\/uploads\/2024\/11\/Vitroglass_TPX_Engilevel_Empresa-2048x2048.jpg 2048w, https:\/\/engilevel.com\/wp-content\/uploads\/2024\/11\/Vitroglass_TPX_Engilevel_Empresa-300x300.jpg 300w, https:\/\/engilevel.com\/wp-content\/uploads\/2024\/11\/Vitroglass_TPX_Engilevel_Empresa-1024x1024.jpg 1024w, https:\/\/engilevel.com\/wp-content\/uploads\/2024\/11\/Vitroglass_TPX_Engilevel_Empresa-150x150.jpg 150w, https:\/\/engilevel.com\/wp-content\/uploads\/2024\/11\/Vitroglass_TPX_Engilevel_Empresa-768x768.jpg 768w, https:\/\/engilevel.com\/wp-content\/uploads\/2024\/11\/Vitroglass_TPX_Engilevel_Empresa-1536x1536.jpg 1536w\" sizes=\"(max-width: 2048px) 100vw, 2048px\" \/>\t\t\t\t\t\t\t\t<\/div>\n\t\t\t\t\t\t\t\t\t\t\t\t\t\t\t\t<div class=\"upk-content\">\n\t\t\t\t\t\t\t\t\t<h3 class=\"upk-title\"><a href=\"https:\/\/engilevel.com\/fr\/projeto\/pavillon-engilevel\/\" title=\"Pavillon Engilevel\" class=\"title-animation-underline\" aria-label=\"Pavillon Engilevel\">Pavillon Engilevel<\/a><\/h3>\t\t\t\t\t\t\t\t\t\t\t\t\t\t\t\t\t<\/div>\n\t\t\t\t\t\t\t<\/div>\n\t\t\t\t\t\t<\/div>\n\t\t\t\t\t\t\t\t\t\t<div class=\"upk-item swiper-slide\">\n\t\t\t\t\t\t\t<div class=\"upk-item-box\">\n\t\t\t\t\t\t\t\t<div class=\"upk-img-wrap\">\n\t\t\t\t\t\t\t\t\t<img loading=\"lazy\" decoding=\"async\" width=\"1867\" height=\"1245\" src=\"https:\/\/engilevel.com\/wp-content\/uploads\/2025\/01\/16_edificio-seculo-xxi-13e14-engilevel.webp\" class=\"upk-img\" alt=\"B\u00e2timents du 21e si\u00e8cle 13 et 14\" srcset=\"https:\/\/engilevel.com\/wp-content\/uploads\/2025\/01\/16_edificio-seculo-xxi-13e14-engilevel.webp 1867w, https:\/\/engilevel.com\/wp-content\/uploads\/2025\/01\/16_edificio-seculo-xxi-13e14-engilevel-300x200.webp 300w, https:\/\/engilevel.com\/wp-content\/uploads\/2025\/01\/16_edificio-seculo-xxi-13e14-engilevel-1024x683.webp 1024w, https:\/\/engilevel.com\/wp-content\/uploads\/2025\/01\/16_edificio-seculo-xxi-13e14-engilevel-768x512.webp 768w, https:\/\/engilevel.com\/wp-content\/uploads\/2025\/01\/16_edificio-seculo-xxi-13e14-engilevel-1536x1024.webp 1536w\" sizes=\"(max-width: 1867px) 100vw, 1867px\" \/>\t\t\t\t\t\t\t\t<\/div>\n\t\t\t\t\t\t\t\t\t\t\t\t\t\t\t\t<div class=\"upk-content\">\n\t\t\t\t\t\t\t\t\t<h3 class=\"upk-title\"><a href=\"https:\/\/engilevel.com\/fr\/projeto\/batiments-du-21e-siecle-13-et-14\/\" title=\"B\u00e2timents du 21e si\u00e8cle 13 et 14\" class=\"title-animation-underline\" aria-label=\"B\u00e2timents du 21e si\u00e8cle 13 et 14\">B\u00e2timents du 21e si\u00e8cle 13 et 14<\/a><\/h3>\t\t\t\t\t\t\t\t\t\t\t\t\t\t\t\t\t<\/div>\n\t\t\t\t\t\t\t<\/div>\n\t\t\t\t\t\t<\/div>\n\t\t\t\t\t\t\t\t\t\t<div class=\"upk-item swiper-slide\">\n\t\t\t\t\t\t\t<div class=\"upk-item-box\">\n\t\t\t\t\t\t\t\t<div class=\"upk-img-wrap\">\n\t\t\t\t\t\t\t\t\t<img loading=\"lazy\" decoding=\"async\" width=\"933\" height=\"700\" src=\"https:\/\/engilevel.com\/wp-content\/uploads\/2024\/11\/Braga-Premium-5.jpg\" class=\"upk-img\" alt=\"D\u00e9veloppement de Braga Premium\" srcset=\"https:\/\/engilevel.com\/wp-content\/uploads\/2024\/11\/Braga-Premium-5.jpg 933w, https:\/\/engilevel.com\/wp-content\/uploads\/2024\/11\/Braga-Premium-5-300x225.jpg 300w, https:\/\/engilevel.com\/wp-content\/uploads\/2024\/11\/Braga-Premium-5-768x576.jpg 768w\" sizes=\"(max-width: 933px) 100vw, 933px\" \/>\t\t\t\t\t\t\t\t<\/div>\n\t\t\t\t\t\t\t\t\t\t\t\t\t\t\t\t<div class=\"upk-content\">\n\t\t\t\t\t\t\t\t\t<h3 class=\"upk-title\"><a href=\"https:\/\/engilevel.com\/fr\/projeto\/developpement-de-braga-premium\/\" title=\"D\u00e9veloppement de Braga Premium\" class=\"title-animation-underline\" aria-label=\"D\u00e9veloppement de Braga Premium\">D\u00e9veloppement de Braga Premium<\/a><\/h3>\t\t\t\t\t\t\t\t\t\t\t\t\t\t\t\t\t<\/div>\n\t\t\t\t\t\t\t<\/div>\n\t\t\t\t\t\t<\/div>\n\t\t\t\t\t\t\t\t\t\t<div class=\"upk-item swiper-slide\">\n\t\t\t\t\t\t\t<div class=\"upk-item-box\">\n\t\t\t\t\t\t\t\t<div class=\"upk-img-wrap\">\n\t\t\t\t\t\t\t\t\t<img loading=\"lazy\" decoding=\"async\" width=\"2048\" height=\"1152\" src=\"https:\/\/engilevel.com\/wp-content\/uploads\/2024\/11\/Projeto-Moradia-Vitroglass-TPX-e-Engilevel-Vila-Verde-2048x1152.webp\" class=\"upk-img\" alt=\"Villas d&rsquo;Esqueiros\" srcset=\"https:\/\/engilevel.com\/wp-content\/uploads\/2024\/11\/Projeto-Moradia-Vitroglass-TPX-e-Engilevel-Vila-Verde-2048x1152.webp 2048w, https:\/\/engilevel.com\/wp-content\/uploads\/2024\/11\/Projeto-Moradia-Vitroglass-TPX-e-Engilevel-Vila-Verde-300x169.webp 300w, https:\/\/engilevel.com\/wp-content\/uploads\/2024\/11\/Projeto-Moradia-Vitroglass-TPX-e-Engilevel-Vila-Verde-1024x576.webp 1024w, https:\/\/engilevel.com\/wp-content\/uploads\/2024\/11\/Projeto-Moradia-Vitroglass-TPX-e-Engilevel-Vila-Verde-768x432.webp 768w, https:\/\/engilevel.com\/wp-content\/uploads\/2024\/11\/Projeto-Moradia-Vitroglass-TPX-e-Engilevel-Vila-Verde-1536x864.webp 1536w\" sizes=\"(max-width: 2048px) 100vw, 2048px\" \/>\t\t\t\t\t\t\t\t<\/div>\n\t\t\t\t\t\t\t\t\t\t\t\t\t\t\t\t<div class=\"upk-content\">\n\t\t\t\t\t\t\t\t\t<h3 class=\"upk-title\"><a href=\"https:\/\/engilevel.com\/fr\/projeto\/villas-desqueiros\/\" title=\"Villas d&rsquo;Esqueiros\" class=\"title-animation-underline\" aria-label=\"Villas d&rsquo;Esqueiros\">Villas d&rsquo;Esqueiros<\/a><\/h3>\t\t\t\t\t\t\t\t\t\t\t\t\t\t\t\t\t<\/div>\n\t\t\t\t\t\t\t<\/div>\n\t\t\t\t\t\t<\/div>\n\t\t\t\t\t\t<\/div>\n\t\t\t\t<\/div>\n\t\t\n\t\t\t\t\t\t\t\t\t\t\t<div class=\"upk-position-z-index upk-position-center upk-visible@m\">\n\t\t\t\t<div class=\"upk-arrows-container upk-slidenav-container\">\n\t\t\t\t\t<div class=\"upk-navigation-prev\">\n\t\t\t\t\t\t<i class=\"upk-icon-arrow-left-0\" aria-hidden=\"true\"><\/i>\n\t\t\t\t\t<\/div>\n\t\t\t\t\t<div class=\"upk-navigation-next\">\n\t\t\t\t\t\t<i class=\"upk-icon-arrow-right-0\" aria-hidden=\"true\"><\/i>\n\t\t\t\t\t<\/div>\n\t\t\t\t<\/div>\n\t\t\t<\/div>\n\t\t\t\t\n\t\t<\/div>\n\t\t<\/div>\n\t\t\t\t\t\t<\/div>\n\t\t\t\t<\/div>\n\t\t\t\t<div class=\"elementor-element elementor-element-c3b69eb elementor-align-left elementor-widget elementor-widget-button\" data-id=\"c3b69eb\" data-element_type=\"widget\" data-e-type=\"widget\" data-widget_type=\"button.default\">\n\t\t\t\t<div class=\"elementor-widget-container\">\n\t\t\t\t\t\t\t\t\t<div class=\"elementor-button-wrapper\">\n\t\t\t\t\t<a class=\"elementor-button elementor-button-link elementor-size-sm\" href=\"https:\/\/engilevel.com\/fr\/projets\/\">\n\t\t\t\t\t\t<span class=\"elementor-button-content-wrapper\">\n\t\t\t\t\t\t<span class=\"elementor-button-icon\">\n\t\t\t\t<svg aria-hidden=\"true\" class=\"e-font-icon-svg e-fas-long-arrow-alt-right\" viewBox=\"0 0 448 512\" xmlns=\"http:\/\/www.w3.org\/2000\/svg\"><path d=\"M313.941 216H12c-6.627 0-12 5.373-12 12v56c0 6.627 5.373 12 12 12h301.941v46.059c0 21.382 25.851 32.09 40.971 16.971l86.059-86.059c9.373-9.373 9.373-24.569 0-33.941l-86.059-86.059c-15.119-15.119-40.971-4.411-40.971 16.971V216z\"><\/path><\/svg>\t\t\t<\/span>\n\t\t\t\t\t\t\t\t\t<span class=\"elementor-button-text\">Voir tous<\/span>\n\t\t\t\t\t<\/span>\n\t\t\t\t\t<\/a>\n\t\t\t\t<\/div>\n\t\t\t\t\t\t\t\t<\/div>\n\t\t\t\t<\/div>\n\t\t\t\t<\/div>\n\t\t\t\t\t<\/div>\n\t\t\t\t<\/div>\n\t\t\t\t<\/div>\n\t\t","protected":false},"featured_media":1801,"template":"","meta":{"_acf_changed":false},"class_list":["post-2041","projeto","type-projeto","status-publish","has-post-thumbnail","hentry"],"acf":[],"yoast_head":"<!-- This site is optimized with the Yoast SEO plugin v27.3 - https:\/\/yoast.com\/product\/yoast-seo-wordpress\/ -->\n<title>B\u00e2timents du 21e si\u00e8cle 13 et 14 - Engilevel<\/title>\n<meta name=\"robots\" content=\"index, follow, max-snippet:-1, max-image-preview:large, max-video-preview:-1\" \/>\n<link rel=\"canonical\" href=\"https:\/\/engilevel.com\/fr\/projeto\/batiments-du-21e-siecle-13-et-14\/\" \/>\n<meta property=\"og:locale\" content=\"fr_FR\" \/>\n<meta property=\"og:type\" content=\"article\" \/>\n<meta property=\"og:title\" content=\"B\u00e2timents du 21e si\u00e8cle 13 et 14 - Engilevel\" \/>\n<meta property=\"og:description\" content=\"B\u00e2timent du 21e si\u00e8cle 13 et 14 Les b\u00e2timents S\u00e9culo XXI 13 et 14 red\u00e9finissent le concept de logement moderne, s&rsquo;int\u00e9grant harmonieusement dans une communaut\u00e9 ferm\u00e9e qui allie confort, s\u00e9curit\u00e9 et emplacement privil\u00e9gi\u00e9. Situ\u00e9s \u00e0 proximit\u00e9 du centre de Funchal, ces b\u00e2timents offrent un acc\u00e8s facile au complexe aquatique du Lido, au stade Mar\u00edtimo et [&hellip;]\" \/>\n<meta property=\"og:url\" content=\"https:\/\/engilevel.com\/fr\/projeto\/batiments-du-21e-siecle-13-et-14\/\" \/>\n<meta property=\"og:site_name\" content=\"Engilevel\" \/>\n<meta property=\"article:modified_time\" content=\"2025-02-05T23:42:43+00:00\" \/>\n<meta property=\"og:image\" content=\"https:\/\/engilevel.com\/wp-content\/uploads\/2025\/01\/16_edificio-seculo-xxi-13e14-engilevel.webp\" \/>\n\t<meta property=\"og:image:width\" content=\"1867\" \/>\n\t<meta property=\"og:image:height\" content=\"1245\" \/>\n\t<meta property=\"og:image:type\" content=\"image\/webp\" \/>\n<meta name=\"twitter:card\" content=\"summary_large_image\" \/>\n<meta name=\"twitter:label1\" content=\"Dur\u00e9e de lecture estim\u00e9e\" \/>\n\t<meta name=\"twitter:data1\" content=\"1 minute\" \/>\n<script type=\"application\/ld+json\" class=\"yoast-schema-graph\">{\"@context\":\"https:\\\/\\\/schema.org\",\"@graph\":[{\"@type\":\"WebPage\",\"@id\":\"https:\\\/\\\/engilevel.com\\\/fr\\\/projeto\\\/batiments-du-21e-siecle-13-et-14\\\/\",\"url\":\"https:\\\/\\\/engilevel.com\\\/fr\\\/projeto\\\/batiments-du-21e-siecle-13-et-14\\\/\",\"name\":\"B\u00e2timents du 21e si\u00e8cle 13 et 14 - Engilevel\",\"isPartOf\":{\"@id\":\"https:\\\/\\\/engilevel.com\\\/fr\\\/#website\"},\"primaryImageOfPage\":{\"@id\":\"https:\\\/\\\/engilevel.com\\\/fr\\\/projeto\\\/batiments-du-21e-siecle-13-et-14\\\/#primaryimage\"},\"image\":{\"@id\":\"https:\\\/\\\/engilevel.com\\\/fr\\\/projeto\\\/batiments-du-21e-siecle-13-et-14\\\/#primaryimage\"},\"thumbnailUrl\":\"https:\\\/\\\/engilevel.com\\\/wp-content\\\/uploads\\\/2025\\\/01\\\/16_edificio-seculo-xxi-13e14-engilevel.webp\",\"datePublished\":\"2025-01-17T11:44:56+00:00\",\"dateModified\":\"2025-02-05T23:42:43+00:00\",\"breadcrumb\":{\"@id\":\"https:\\\/\\\/engilevel.com\\\/fr\\\/projeto\\\/batiments-du-21e-siecle-13-et-14\\\/#breadcrumb\"},\"inLanguage\":\"fr-FR\",\"potentialAction\":[{\"@type\":\"ReadAction\",\"target\":[\"https:\\\/\\\/engilevel.com\\\/fr\\\/projeto\\\/batiments-du-21e-siecle-13-et-14\\\/\"]}]},{\"@type\":\"ImageObject\",\"inLanguage\":\"fr-FR\",\"@id\":\"https:\\\/\\\/engilevel.com\\\/fr\\\/projeto\\\/batiments-du-21e-siecle-13-et-14\\\/#primaryimage\",\"url\":\"https:\\\/\\\/engilevel.com\\\/wp-content\\\/uploads\\\/2025\\\/01\\\/16_edificio-seculo-xxi-13e14-engilevel.webp\",\"contentUrl\":\"https:\\\/\\\/engilevel.com\\\/wp-content\\\/uploads\\\/2025\\\/01\\\/16_edificio-seculo-xxi-13e14-engilevel.webp\",\"width\":1867,\"height\":1245,\"caption\":\"16_edificio-seculo-xxi-13e14-engilevel\"},{\"@type\":\"BreadcrumbList\",\"@id\":\"https:\\\/\\\/engilevel.com\\\/fr\\\/projeto\\\/batiments-du-21e-siecle-13-et-14\\\/#breadcrumb\",\"itemListElement\":[{\"@type\":\"ListItem\",\"position\":1,\"name\":\"Home\",\"item\":\"https:\\\/\\\/engilevel.com\\\/fr\\\/\"},{\"@type\":\"ListItem\",\"position\":2,\"name\":\"B\u00e2timents du 21e si\u00e8cle 13 et 14\"}]},{\"@type\":\"WebSite\",\"@id\":\"https:\\\/\\\/engilevel.com\\\/fr\\\/#website\",\"url\":\"https:\\\/\\\/engilevel.com\\\/fr\\\/\",\"name\":\"Engilevel\",\"description\":\"\",\"publisher\":{\"@id\":\"https:\\\/\\\/engilevel.com\\\/fr\\\/#organization\"},\"potentialAction\":[{\"@type\":\"SearchAction\",\"target\":{\"@type\":\"EntryPoint\",\"urlTemplate\":\"https:\\\/\\\/engilevel.com\\\/fr\\\/?s={search_term_string}\"},\"query-input\":{\"@type\":\"PropertyValueSpecification\",\"valueRequired\":true,\"valueName\":\"search_term_string\"}}],\"inLanguage\":\"fr-FR\"},{\"@type\":\"Organization\",\"@id\":\"https:\\\/\\\/engilevel.com\\\/fr\\\/#organization\",\"name\":\"Engilevel\",\"url\":\"https:\\\/\\\/engilevel.com\\\/fr\\\/\",\"logo\":{\"@type\":\"ImageObject\",\"inLanguage\":\"fr-FR\",\"@id\":\"https:\\\/\\\/engilevel.com\\\/fr\\\/#\\\/schema\\\/logo\\\/image\\\/\",\"url\":\"https:\\\/\\\/engilevel.com\\\/wp-content\\\/uploads\\\/2024\\\/10\\\/Logo_Engilevel-1.svg\",\"contentUrl\":\"https:\\\/\\\/engilevel.com\\\/wp-content\\\/uploads\\\/2024\\\/10\\\/Logo_Engilevel-1.svg\",\"width\":285,\"height\":40,\"caption\":\"Engilevel\"},\"image\":{\"@id\":\"https:\\\/\\\/engilevel.com\\\/fr\\\/#\\\/schema\\\/logo\\\/image\\\/\"}}]}<\/script>\n<!-- \/ Yoast SEO plugin. -->","yoast_head_json":{"title":"B\u00e2timents du 21e si\u00e8cle 13 et 14 - Engilevel","robots":{"index":"index","follow":"follow","max-snippet":"max-snippet:-1","max-image-preview":"max-image-preview:large","max-video-preview":"max-video-preview:-1"},"canonical":"https:\/\/engilevel.com\/fr\/projeto\/batiments-du-21e-siecle-13-et-14\/","og_locale":"fr_FR","og_type":"article","og_title":"B\u00e2timents du 21e si\u00e8cle 13 et 14 - Engilevel","og_description":"B\u00e2timent du 21e si\u00e8cle 13 et 14 Les b\u00e2timents S\u00e9culo XXI 13 et 14 red\u00e9finissent le concept de logement moderne, s&rsquo;int\u00e9grant harmonieusement dans une communaut\u00e9 ferm\u00e9e qui allie confort, s\u00e9curit\u00e9 et emplacement privil\u00e9gi\u00e9. Situ\u00e9s \u00e0 proximit\u00e9 du centre de Funchal, ces b\u00e2timents offrent un acc\u00e8s facile au complexe aquatique du Lido, au stade Mar\u00edtimo et [&hellip;]","og_url":"https:\/\/engilevel.com\/fr\/projeto\/batiments-du-21e-siecle-13-et-14\/","og_site_name":"Engilevel","article_modified_time":"2025-02-05T23:42:43+00:00","og_image":[{"width":1867,"height":1245,"url":"https:\/\/engilevel.com\/wp-content\/uploads\/2025\/01\/16_edificio-seculo-xxi-13e14-engilevel.webp","type":"image\/webp"}],"twitter_card":"summary_large_image","twitter_misc":{"Dur\u00e9e de lecture estim\u00e9e":"1 minute"},"schema":{"@context":"https:\/\/schema.org","@graph":[{"@type":"WebPage","@id":"https:\/\/engilevel.com\/fr\/projeto\/batiments-du-21e-siecle-13-et-14\/","url":"https:\/\/engilevel.com\/fr\/projeto\/batiments-du-21e-siecle-13-et-14\/","name":"B\u00e2timents du 21e si\u00e8cle 13 et 14 - Engilevel","isPartOf":{"@id":"https:\/\/engilevel.com\/fr\/#website"},"primaryImageOfPage":{"@id":"https:\/\/engilevel.com\/fr\/projeto\/batiments-du-21e-siecle-13-et-14\/#primaryimage"},"image":{"@id":"https:\/\/engilevel.com\/fr\/projeto\/batiments-du-21e-siecle-13-et-14\/#primaryimage"},"thumbnailUrl":"https:\/\/engilevel.com\/wp-content\/uploads\/2025\/01\/16_edificio-seculo-xxi-13e14-engilevel.webp","datePublished":"2025-01-17T11:44:56+00:00","dateModified":"2025-02-05T23:42:43+00:00","breadcrumb":{"@id":"https:\/\/engilevel.com\/fr\/projeto\/batiments-du-21e-siecle-13-et-14\/#breadcrumb"},"inLanguage":"fr-FR","potentialAction":[{"@type":"ReadAction","target":["https:\/\/engilevel.com\/fr\/projeto\/batiments-du-21e-siecle-13-et-14\/"]}]},{"@type":"ImageObject","inLanguage":"fr-FR","@id":"https:\/\/engilevel.com\/fr\/projeto\/batiments-du-21e-siecle-13-et-14\/#primaryimage","url":"https:\/\/engilevel.com\/wp-content\/uploads\/2025\/01\/16_edificio-seculo-xxi-13e14-engilevel.webp","contentUrl":"https:\/\/engilevel.com\/wp-content\/uploads\/2025\/01\/16_edificio-seculo-xxi-13e14-engilevel.webp","width":1867,"height":1245,"caption":"16_edificio-seculo-xxi-13e14-engilevel"},{"@type":"BreadcrumbList","@id":"https:\/\/engilevel.com\/fr\/projeto\/batiments-du-21e-siecle-13-et-14\/#breadcrumb","itemListElement":[{"@type":"ListItem","position":1,"name":"Home","item":"https:\/\/engilevel.com\/fr\/"},{"@type":"ListItem","position":2,"name":"B\u00e2timents du 21e si\u00e8cle 13 et 14"}]},{"@type":"WebSite","@id":"https:\/\/engilevel.com\/fr\/#website","url":"https:\/\/engilevel.com\/fr\/","name":"Engilevel","description":"","publisher":{"@id":"https:\/\/engilevel.com\/fr\/#organization"},"potentialAction":[{"@type":"SearchAction","target":{"@type":"EntryPoint","urlTemplate":"https:\/\/engilevel.com\/fr\/?s={search_term_string}"},"query-input":{"@type":"PropertyValueSpecification","valueRequired":true,"valueName":"search_term_string"}}],"inLanguage":"fr-FR"},{"@type":"Organization","@id":"https:\/\/engilevel.com\/fr\/#organization","name":"Engilevel","url":"https:\/\/engilevel.com\/fr\/","logo":{"@type":"ImageObject","inLanguage":"fr-FR","@id":"https:\/\/engilevel.com\/fr\/#\/schema\/logo\/image\/","url":"https:\/\/engilevel.com\/wp-content\/uploads\/2024\/10\/Logo_Engilevel-1.svg","contentUrl":"https:\/\/engilevel.com\/wp-content\/uploads\/2024\/10\/Logo_Engilevel-1.svg","width":285,"height":40,"caption":"Engilevel"},"image":{"@id":"https:\/\/engilevel.com\/fr\/#\/schema\/logo\/image\/"}}]}},"_links":{"self":[{"href":"https:\/\/engilevel.com\/fr\/wp-json\/wp\/v2\/projeto\/2041","targetHints":{"allow":["GET"]}}],"collection":[{"href":"https:\/\/engilevel.com\/fr\/wp-json\/wp\/v2\/projeto"}],"about":[{"href":"https:\/\/engilevel.com\/fr\/wp-json\/wp\/v2\/types\/projeto"}],"version-history":[{"count":0,"href":"https:\/\/engilevel.com\/fr\/wp-json\/wp\/v2\/projeto\/2041\/revisions"}],"wp:featuredmedia":[{"embeddable":true,"href":"https:\/\/engilevel.com\/fr\/wp-json\/wp\/v2\/media\/1801"}],"wp:attachment":[{"href":"https:\/\/engilevel.com\/fr\/wp-json\/wp\/v2\/media?parent=2041"}],"curies":[{"name":"wp","href":"https:\/\/api.w.org\/{rel}","templated":true}]}}